{"id":10644,"date":"2022-12-12T13:26:01","date_gmt":"2022-12-12T13:26:01","guid":{"rendered":"https:\/\/colellaweb.it\/prodotto\/sorbetiere-mod-exclusive\/"},"modified":"2023-06-21T08:16:36","modified_gmt":"2023-06-21T08:16:36","slug":"gelatiera-exclusive","status":"publish","type":"product","link":"https:\/\/colellaweb.it\/fr\/prodotto\/gelatiera-exclusive\/","title":{"rendered":"Sorbeti\u00e8re Mod. Exclusive"},"content":{"rendered":"<p><b>texte \u00e0 ins\u00e9rer ;<\/b><\/p>\n<p>&nbsp;<\/p>\n","protected":false},"excerpt":{"rendered":"<p>Capacit\u00e9 1,7 L pour un usage domestique<\/p>\n<p>La sorbeti\u00e8re mod. Exclusive, ainsi que la K-Tech et la Pro 1700, a une capacit\u00e9 de 1,7 L. Con\u00e7ue pour pr\u00e9parer en 30 minutes cr\u00e9meuses glaces, yaourt glac\u00e9s et sorbets \u00e0 l&#8217;appr\u00e9cier \u00e0 l&#8217;instant!<\/p>\n<p>Allumez la machine, versez les ingr\u00e9dients .. il ne reste plus rien \u00e0 faire!<\/p>\n<p>Equip\u00e9 d&#8217;un panier amovible en aluminium et mesure<br \/>\nLe m\u00e9lange puissant<br \/>\nCapacit\u00e9 de 1,7 litres<br \/>\nLe syst\u00e8me de r\u00e9frig\u00e9ration de la machine \u00e0 cr\u00e8me glac\u00e9e exclusif est conforme aux r\u00e9glementations environnementales protection de la couche d&#8217;ozone.<\/p>\n","protected":false},"featured_media":9867,"template":"","meta":{"_acf_changed":false},"product_brand":[],"product_cat":[163,160],"product_tag":[],"class_list":{"0":"post-10644","1":"product","2":"type-product","3":"status-publish","4":"has-post-thumbnail","6":"product_cat-sorbetiere","7":"product_cat-utensili-da-cucina-e-design-fr","9":"first","10":"instock","11":"shipping-taxable","12":"product-type-simple"},"acf":[],"yoast_head":"<!-- This site is optimized with the Yoast SEO plugin v26.7 - https:\/\/yoast.com\/wordpress\/plugins\/seo\/ -->\n<title>Sorbeti\u00e8re Mod. Exclusive - Colella<\/title>\n<meta name=\"robots\" content=\"index, follow, max-snippet:-1, max-image-preview:large, max-video-preview:-1\" \/>\n<link rel=\"canonical\" href=\"https:\/\/colellaweb.it\/fr\/prodotto\/gelatiera-exclusive\/\" \/>\n<meta property=\"og:locale\" content=\"fr_FR\" \/>\n<meta property=\"og:type\" content=\"article\" \/>\n<meta property=\"og:title\" content=\"Sorbeti\u00e8re Mod. Exclusive - Colella\" \/>\n<meta property=\"og:description\" content=\"Capacit\u00e9 1,7 L pour un usage domestique La sorbeti\u00e8re mod. Exclusive, ainsi que la K-Tech et la Pro 1700, a une capacit\u00e9 de 1,7 L. Con\u00e7ue pour pr\u00e9parer en 30 minutes cr\u00e9meuses glaces, yaourt glac\u00e9s et sorbets \u00e0 l&#039;appr\u00e9cier \u00e0 l&#039;instant! Allumez la machine, versez les ingr\u00e9dients .. il ne reste plus rien \u00e0 faire! Equip\u00e9 d&#039;un panier amovible en aluminium et mesure Le m\u00e9lange puissant Capacit\u00e9 de 1,7 litres Le syst\u00e8me de r\u00e9frig\u00e9ration de la machine \u00e0 cr\u00e8me glac\u00e9e exclusif est conforme aux r\u00e9glementations environnementales protection de la couche d&#039;ozone.\" \/>\n<meta property=\"og:url\" content=\"https:\/\/colellaweb.it\/fr\/prodotto\/gelatiera-exclusive\/\" \/>\n<meta property=\"og:site_name\" content=\"Colella\" \/>\n<meta property=\"article:publisher\" content=\"https:\/\/www.facebook.com\/rumoriincucina\" \/>\n<meta property=\"article:modified_time\" content=\"2023-06-21T08:16:36+00:00\" \/>\n<meta property=\"og:image\" content=\"https:\/\/colellaweb.it\/wp-content\/uploads\/2022\/12\/800x800_2019-11-26_1024x1024_11-11-17_1_mod-gelatissimo.jpeg\" \/>\n\t<meta property=\"og:image:width\" content=\"800\" \/>\n\t<meta property=\"og:image:height\" content=\"800\" \/>\n\t<meta property=\"og:image:type\" content=\"image\/jpeg\" \/>\n<meta name=\"twitter:card\" content=\"summary_large_image\" \/>\n<script type=\"application\/ld+json\" class=\"yoast-schema-graph\">{\"@context\":\"https:\/\/schema.org\",\"@graph\":[{\"@type\":\"WebPage\",\"@id\":\"https:\/\/colellaweb.it\/fr\/prodotto\/gelatiera-exclusive\/\",\"url\":\"https:\/\/colellaweb.it\/fr\/prodotto\/gelatiera-exclusive\/\",\"name\":\"Sorbeti\u00e8re Mod. Exclusive - Colella\",\"isPartOf\":{\"@id\":\"https:\/\/colellaweb.it\/#website\"},\"primaryImageOfPage\":{\"@id\":\"https:\/\/colellaweb.it\/fr\/prodotto\/gelatiera-exclusive\/#primaryimage\"},\"image\":{\"@id\":\"https:\/\/colellaweb.it\/fr\/prodotto\/gelatiera-exclusive\/#primaryimage\"},\"thumbnailUrl\":\"https:\/\/colellaweb.it\/wp-content\/uploads\/2022\/12\/800x800_2019-11-26_1024x1024_11-11-17_1_mod-gelatissimo.jpeg\",\"datePublished\":\"2022-12-12T13:26:01+00:00\",\"dateModified\":\"2023-06-21T08:16:36+00:00\",\"breadcrumb\":{\"@id\":\"https:\/\/colellaweb.it\/fr\/prodotto\/gelatiera-exclusive\/#breadcrumb\"},\"inLanguage\":\"fr-FR\",\"potentialAction\":[{\"@type\":\"ReadAction\",\"target\":[\"https:\/\/colellaweb.it\/fr\/prodotto\/gelatiera-exclusive\/\"]}]},{\"@type\":\"ImageObject\",\"inLanguage\":\"fr-FR\",\"@id\":\"https:\/\/colellaweb.it\/fr\/prodotto\/gelatiera-exclusive\/#primaryimage\",\"url\":\"https:\/\/colellaweb.it\/wp-content\/uploads\/2022\/12\/800x800_2019-11-26_1024x1024_11-11-17_1_mod-gelatissimo.jpeg\",\"contentUrl\":\"https:\/\/colellaweb.it\/wp-content\/uploads\/2022\/12\/800x800_2019-11-26_1024x1024_11-11-17_1_mod-gelatissimo.jpeg\",\"width\":800,\"height\":800},{\"@type\":\"BreadcrumbList\",\"@id\":\"https:\/\/colellaweb.it\/fr\/prodotto\/gelatiera-exclusive\/#breadcrumb\",\"itemListElement\":[{\"@type\":\"ListItem\",\"position\":1,\"name\":\"Home\",\"item\":\"https:\/\/colellaweb.it\/fr\/\"},{\"@type\":\"ListItem\",\"position\":2,\"name\":\"Shop\",\"item\":\"https:\/\/colellaweb.it\/negozio\/\"},{\"@type\":\"ListItem\",\"position\":3,\"name\":\"Sorbeti\u00e8re Mod. Exclusive\"}]},{\"@type\":\"WebSite\",\"@id\":\"https:\/\/colellaweb.it\/#website\",\"url\":\"https:\/\/colellaweb.it\/\",\"name\":\"Colella\",\"description\":\"Rumori in cucina\",\"publisher\":{\"@id\":\"https:\/\/colellaweb.it\/#organization\"},\"potentialAction\":[{\"@type\":\"SearchAction\",\"target\":{\"@type\":\"EntryPoint\",\"urlTemplate\":\"https:\/\/colellaweb.it\/?s={search_term_string}\"},\"query-input\":{\"@type\":\"PropertyValueSpecification\",\"valueRequired\":true,\"valueName\":\"search_term_string\"}}],\"inLanguage\":\"fr-FR\"},{\"@type\":\"Organization\",\"@id\":\"https:\/\/colellaweb.it\/#organization\",\"name\":\"Colella\",\"url\":\"https:\/\/colellaweb.it\/\",\"logo\":{\"@type\":\"ImageObject\",\"inLanguage\":\"fr-FR\",\"@id\":\"https:\/\/colellaweb.it\/#\/schema\/logo\/image\/\",\"url\":\"https:\/\/colellaweb.it\/wp-content\/uploads\/2023\/02\/cropped-logo_colella_favicon.png\",\"contentUrl\":\"https:\/\/colellaweb.it\/wp-content\/uploads\/2023\/02\/cropped-logo_colella_favicon.png\",\"width\":512,\"height\":512,\"caption\":\"Colella\"},\"image\":{\"@id\":\"https:\/\/colellaweb.it\/#\/schema\/logo\/image\/\"},\"sameAs\":[\"https:\/\/www.facebook.com\/rumoriincucina\",\"https:\/\/www.instagram.com\/rumoriincucina\"]}]}<\/script>\n<!-- \/ Yoast SEO plugin. -->","yoast_head_json":{"title":"Sorbeti\u00e8re Mod. Exclusive - Colella","robots":{"index":"index","follow":"follow","max-snippet":"max-snippet:-1","max-image-preview":"max-image-preview:large","max-video-preview":"max-video-preview:-1"},"canonical":"https:\/\/colellaweb.it\/fr\/prodotto\/gelatiera-exclusive\/","og_locale":"fr_FR","og_type":"article","og_title":"Sorbeti\u00e8re Mod. Exclusive - Colella","og_description":"Capacit\u00e9 1,7 L pour un usage domestique La sorbeti\u00e8re mod. Exclusive, ainsi que la K-Tech et la Pro 1700, a une capacit\u00e9 de 1,7 L. Con\u00e7ue pour pr\u00e9parer en 30 minutes cr\u00e9meuses glaces, yaourt glac\u00e9s et sorbets \u00e0 l'appr\u00e9cier \u00e0 l'instant! Allumez la machine, versez les ingr\u00e9dients .. il ne reste plus rien \u00e0 faire! Equip\u00e9 d'un panier amovible en aluminium et mesure Le m\u00e9lange puissant Capacit\u00e9 de 1,7 litres Le syst\u00e8me de r\u00e9frig\u00e9ration de la machine \u00e0 cr\u00e8me glac\u00e9e exclusif est conforme aux r\u00e9glementations environnementales protection de la couche d'ozone.","og_url":"https:\/\/colellaweb.it\/fr\/prodotto\/gelatiera-exclusive\/","og_site_name":"Colella","article_publisher":"https:\/\/www.facebook.com\/rumoriincucina","article_modified_time":"2023-06-21T08:16:36+00:00","og_image":[{"width":800,"height":800,"url":"https:\/\/colellaweb.it\/wp-content\/uploads\/2022\/12\/800x800_2019-11-26_1024x1024_11-11-17_1_mod-gelatissimo.jpeg","type":"image\/jpeg"}],"twitter_card":"summary_large_image","schema":{"@context":"https:\/\/schema.org","@graph":[{"@type":"WebPage","@id":"https:\/\/colellaweb.it\/fr\/prodotto\/gelatiera-exclusive\/","url":"https:\/\/colellaweb.it\/fr\/prodotto\/gelatiera-exclusive\/","name":"Sorbeti\u00e8re Mod. Exclusive - Colella","isPartOf":{"@id":"https:\/\/colellaweb.it\/#website"},"primaryImageOfPage":{"@id":"https:\/\/colellaweb.it\/fr\/prodotto\/gelatiera-exclusive\/#primaryimage"},"image":{"@id":"https:\/\/colellaweb.it\/fr\/prodotto\/gelatiera-exclusive\/#primaryimage"},"thumbnailUrl":"https:\/\/colellaweb.it\/wp-content\/uploads\/2022\/12\/800x800_2019-11-26_1024x1024_11-11-17_1_mod-gelatissimo.jpeg","datePublished":"2022-12-12T13:26:01+00:00","dateModified":"2023-06-21T08:16:36+00:00","breadcrumb":{"@id":"https:\/\/colellaweb.it\/fr\/prodotto\/gelatiera-exclusive\/#breadcrumb"},"inLanguage":"fr-FR","potentialAction":[{"@type":"ReadAction","target":["https:\/\/colellaweb.it\/fr\/prodotto\/gelatiera-exclusive\/"]}]},{"@type":"ImageObject","inLanguage":"fr-FR","@id":"https:\/\/colellaweb.it\/fr\/prodotto\/gelatiera-exclusive\/#primaryimage","url":"https:\/\/colellaweb.it\/wp-content\/uploads\/2022\/12\/800x800_2019-11-26_1024x1024_11-11-17_1_mod-gelatissimo.jpeg","contentUrl":"https:\/\/colellaweb.it\/wp-content\/uploads\/2022\/12\/800x800_2019-11-26_1024x1024_11-11-17_1_mod-gelatissimo.jpeg","width":800,"height":800},{"@type":"BreadcrumbList","@id":"https:\/\/colellaweb.it\/fr\/prodotto\/gelatiera-exclusive\/#breadcrumb","itemListElement":[{"@type":"ListItem","position":1,"name":"Home","item":"https:\/\/colellaweb.it\/fr\/"},{"@type":"ListItem","position":2,"name":"Shop","item":"https:\/\/colellaweb.it\/negozio\/"},{"@type":"ListItem","position":3,"name":"Sorbeti\u00e8re Mod. Exclusive"}]},{"@type":"WebSite","@id":"https:\/\/colellaweb.it\/#website","url":"https:\/\/colellaweb.it\/","name":"Colella","description":"Rumori in cucina","publisher":{"@id":"https:\/\/colellaweb.it\/#organization"},"potentialAction":[{"@type":"SearchAction","target":{"@type":"EntryPoint","urlTemplate":"https:\/\/colellaweb.it\/?s={search_term_string}"},"query-input":{"@type":"PropertyValueSpecification","valueRequired":true,"valueName":"search_term_string"}}],"inLanguage":"fr-FR"},{"@type":"Organization","@id":"https:\/\/colellaweb.it\/#organization","name":"Colella","url":"https:\/\/colellaweb.it\/","logo":{"@type":"ImageObject","inLanguage":"fr-FR","@id":"https:\/\/colellaweb.it\/#\/schema\/logo\/image\/","url":"https:\/\/colellaweb.it\/wp-content\/uploads\/2023\/02\/cropped-logo_colella_favicon.png","contentUrl":"https:\/\/colellaweb.it\/wp-content\/uploads\/2023\/02\/cropped-logo_colella_favicon.png","width":512,"height":512,"caption":"Colella"},"image":{"@id":"https:\/\/colellaweb.it\/#\/schema\/logo\/image\/"},"sameAs":["https:\/\/www.facebook.com\/rumoriincucina","https:\/\/www.instagram.com\/rumoriincucina"]}]}},"_links":{"self":[{"href":"https:\/\/colellaweb.it\/fr\/wp-json\/wp\/v2\/product\/10644","targetHints":{"allow":["GET"]}}],"collection":[{"href":"https:\/\/colellaweb.it\/fr\/wp-json\/wp\/v2\/product"}],"about":[{"href":"https:\/\/colellaweb.it\/fr\/wp-json\/wp\/v2\/types\/product"}],"version-history":[{"count":0,"href":"https:\/\/colellaweb.it\/fr\/wp-json\/wp\/v2\/product\/10644\/revisions"}],"wp:featuredmedia":[{"embeddable":true,"href":"https:\/\/colellaweb.it\/fr\/wp-json\/wp\/v2\/media\/9867"}],"wp:attachment":[{"href":"https:\/\/colellaweb.it\/fr\/wp-json\/wp\/v2\/media?parent=10644"}],"wp:term":[{"taxonomy":"product_brand","embeddable":true,"href":"https:\/\/colellaweb.it\/fr\/wp-json\/wp\/v2\/product_brand?post=10644"},{"taxonomy":"product_cat","embeddable":true,"href":"https:\/\/colellaweb.it\/fr\/wp-json\/wp\/v2\/product_cat?post=10644"},{"taxonomy":"product_tag","embeddable":true,"href":"https:\/\/colellaweb.it\/fr\/wp-json\/wp\/v2\/product_tag?post=10644"}],"curies":[{"name":"wp","href":"https:\/\/api.w.org\/{rel}","templated":true}]}}